{"id":34,"date":"2017-11-14T09:23:28","date_gmt":"2017-11-14T08:23:28","guid":{"rendered":"https:\/\/iscr-csm.insa-rennes.fr\/yansuffren\/?page_id=34"},"modified":"2026-02-18T14:38:16","modified_gmt":"2026-02-18T13:38:16","slug":"cv","status":"publish","type":"page","link":"https:\/\/iscr-csm.insa-rennes.fr\/yansuffren\/cv\/","title":{"rendered":"2- Short CV \/ CV court"},"content":{"rendered":"<p><span style=\"font-size: 14pt;font-family: times new roman, times, serif\"><span style=\"color: #0000ff\"><strong>Dr Yan S<\/strong><strong>uffren<\/strong><\/span><strong><img loading=\"lazy\" decoding=\"async\" class=\"wp-image-324 alignright\" src=\"https:\/\/iscr-csm.insa-rennes.fr\/yansuffren\/wp-content\/uploads\/sites\/13\/2026\/02\/Photo_YanSuffren-234x300.jpg\" alt=\"\" width=\"114\" height=\"146\" srcset=\"https:\/\/iscr-csm.insa-rennes.fr\/yansuffren\/wp-content\/uploads\/sites\/13\/2026\/02\/Photo_YanSuffren-234x300.jpg 234w, https:\/\/iscr-csm.insa-rennes.fr\/yansuffren\/wp-content\/uploads\/sites\/13\/2026\/02\/Photo_YanSuffren-156x200.jpg 156w, https:\/\/iscr-csm.insa-rennes.fr\/yansuffren\/wp-content\/uploads\/sites\/13\/2026\/02\/Photo_YanSuffren.jpg 274w\" sizes=\"auto, (max-width: 114px) 100vw, 114px\" \/><\/strong><\/span><br \/>\n<span style=\"color: #000000;font-size: 14pt;font-family: times new roman, times, serif\">41 years<\/span><\/p>\n<p><span style=\"color: #000000;font-size: 14pt;font-family: times new roman, times, serif\"><strong>Current position \/ Situation actuelle :<\/strong><\/span><\/p>\n<ul>\n<li style=\"text-align: justify\"><span style=\"color: #000000;font-size: 14pt;font-family: times new roman, times, serif\">Assistant Professor \/ Ma\u00eetre de Conf\u00e9rences des Universit\u00e9s (McF-CN)<\/span><br \/>\n<span style=\"color: #000000;font-size: 14pt;font-family: times new roman, times, serif\">at Institut des Sciences Appliqu\u00e9es Rennes (2017-).<\/span><\/li>\n<li style=\"text-align: justify\"><span style=\"color: #000000;font-size: 14pt;font-family: times new roman, times, serif\">Team member of \/ Membre de l&rsquo;\u00e9quipe \u00ab Chimie du Solide et Mat\u00e9riaux \u00bb from UMR 6226 \u00ab Institut des Sciences Chimiques de Rennes \u00bb.<\/span><\/li>\n<li><span style=\"color: #000000;font-size: 14pt;font-family: times new roman, times, serif\">Co-responsible for the international section \/ Co-responsable de la fili\u00e8re internationale GLOBALINSA Rennes.<\/span><\/li>\n<\/ul>\n<p><span style=\"color: #000000;font-size: 14pt;font-family: times new roman, times, serif\"><strong>Adress \/ Adresse :<\/strong><\/span><\/p>\n<ul>\n<li style=\"text-align: justify\"><span style=\"color: #000000;font-size: 14pt;font-family: times new roman, times, serif\">UMR CNRS-INSA 6226 \u00ab\u00a0Institut des Sciences Chimiques de Rennes\u00a0\u00bb<\/span><br \/>\n<span style=\"color: #000000;font-size: 14pt;font-family: times new roman, times, serif\">20 Avenue des Buttes des Co\u00ebsmes, CS 70839<\/span><br \/>\n<span style=\"color: #000000;font-size: 14pt;font-family: times new roman, times, serif\">35708 Rennes Cedex 7, France<\/span><\/li>\n<li><span style=\"color: #000000;font-size: 14pt;font-family: times new roman, times, serif\">T\u00e9l\u00e9phone: +33(0)223238813<\/span><\/li>\n<li><span style=\"color: #000000;font-size: 14pt;font-family: times new roman, times, serif\">Email: Yan.Suffren@insa-rennes.fr<\/span><\/li>\n<\/ul>\n<p><span style=\"color: #000000;font-size: 14pt;font-family: times new roman, times, serif\"><strong>Interests \/ Int\u00e9r\u00eats :<\/strong><\/span><\/p>\n<ul>\n<li style=\"text-align: justify\"><span style=\"color: #000000;font-size: 14pt;font-family: times new roman, times, serif\">Lanthanides, Coordination Chemistry, Metal-Organic Frameworks, Multi-Fonctionnal Materials, Optical Spectroscopy, Luminescence, Photo-physical Properties.<\/span><\/li>\n<\/ul>\n<p style=\"text-align: justify\"><span style=\"color: #000000;font-size: 14pt;font-family: times new roman, times, serif\"><strong>Professional Experience \/ Exp\u00e9riences Professionnelles : <\/strong><\/span><\/p>\n<ul style=\"text-align: justify\">\n<li><span style=\"color: #000000;font-size: 14pt;font-family: times new roman, times, serif\">Depuis Oct.\u00a02017 :Ma\u00eetre de Conf\u00e9rences, classe normale\u00a0\u2013\u00a0<strong>Institut National des Sciences Appliqu\u00e9es (INSA) de Rennes<\/strong>, \u00c9quipe: Chimie du Solide et Mat\u00e9riaux<\/span><\/li>\n<li><span style=\"color: #000000;font-size: 14pt;font-family: times new roman, times, serif\">Janv. 2016 &#8211; Sept. 2017 :\u00a0Attach\u00e9 Temporaire d\u2019Enseignement et de Recherche (ATER)\u00a0\u2013\u00a0<strong>Institut National des Sciences Appliqu\u00e9es (INSA) de Rennes<\/strong>, \u00c9quipe: Chimie du Solide et Mat\u00e9riaux<\/span><\/li>\n<li><span style=\"color: #000000;font-size: 14pt;font-family: times new roman, times, serif\">Ao\u00fbt 2012 &#8211; D\u00e9c. 2015 :\u00a0Stage post\u2011doctoral \u00e0 l\u2019<strong>Universit\u00e9 de Gen\u00e8ve (UNIGE)\u00a0\u2013\u00a0<\/strong><strong>D\u00e9partement de chimie physique<\/strong>, Responsable: Pr A. Hauser, \u00ab<em>Caract\u00e9risations photo-physiques de complexes avec m\u00e9taux de transitions et\/ou des lanthanides\u00bb<\/em><\/span><\/li>\n<li><span style=\"color: #000000;font-size: 14pt;font-family: times new roman, times, serif\">F\u00e9v. 2011 &#8211; Juin 2012 :\u00a0Stage post\u2011doctoral \u00e0 l\u2019<strong>Universit\u00e9 de Montr\u00e9al (UdeM)\u00a0\u2013\u00a0D\u00e9partement de chimie<\/strong>, Responsable: Pr C. Reber, \u00ab<em>Synth\u00e8ses <\/em><em>de complexes m\u00e9talliques <\/em><em>et <\/em><em>caract\u00e9risations des structures \u00e9lectroniques par spectroscopie Raman et spectroscopie de luminescence \u00e0 temp\u00e9rature ou pression variable\u00bb<\/em><\/span><\/li>\n<li><span style=\"color: #000000;font-size: 14pt;font-family: times new roman, times, serif\">Oct. 2007 &#8211; D\u00e9c. 2010 :\u00a0Th\u00e8se \u00e0 l\u2019<strong>Institut N\u00e9el, CNRS, Grenoble<\/strong>, sous la direction du Pr I. Gautier\u2011Luneau, \u00ab<em>Synth\u00e8ses et \u00e9tudes structurales de complexes \u00e0 oxo\u2011anion de l\u2019iode(V): vers de nouveaux mat\u00e9riaux pour l\u2019optique non lin\u00e9aire quadratique\u00bb\u00a0<\/em><\/span><\/li>\n<li><span style=\"color: #000000;font-size: 14pt;font-family: times new roman, times, serif\">2005 et 2006 (4 et 6 mois) : Stage de Master\u00a01 et de Master\u00a02\u00a0Recherche,\u00a0<strong>Institut N\u00e9el, CNRS, Grenoble, <\/strong>\u00abS<em>ynth\u00e8ses et caract\u00e9risations structurales de cristaux d\u2019iodates m\u00e9talliques pour l\u2019optique non lin\u00e9aire quadratique\u00bb\u00a0<\/em><\/span><\/li>\n<li><span style=\"color: #000000;font-size: 14pt;font-family: times new roman, times, serif\">Mars\u00a0\u2011\u00a0Avril 2009 : <strong>HERCULES<\/strong>, <strong>Grenoble (ILL et ESRF) et Paris (SOLEIL) <\/strong>\u00ab<em>Higher European Research Course for Users of Large Experimental Systems: Neutron and synchrotron radiation for physics and chemistry of condensed matter\u00bb<\/em><\/span><\/li>\n<li><span style=\"color: #000000;font-size: 14pt;font-family: times new roman, times, serif\">Oct. 2007 \u2013 sept. 2010 : <strong>Moniteur CIES \u00e0 l\u2019UJF de Grenoble <\/strong>(3\u00a0ans), nomm\u00e9 \u00e0 l\u2019UFR de chimie, <em>\u00abFormation aux modes cognitifs et didactiques pour l\u2019enseignement: modes magistral et constructiviste\u00bb\u00a0<\/em><\/span><\/li>\n<\/ul>\n<p style=\"text-align: justify\"><span style=\"color: #000000;font-size: 14pt;font-family: times new roman, times, serif\"><strong>Qualifications and Diplomas \/ Titres et Dipl\u00f4mes :<\/strong><\/span><\/p>\n<ul style=\"text-align: justify\">\n<li><span style=\"color: #000000;font-size: 14pt;font-family: times new roman, times, serif\">2010 : <strong>Doctorat de l\u2019Universit\u00e9 de Grenoble, <\/strong>sp\u00e9cialit\u00e9 \u00ab\u00a0Chimie physique mol\u00e9culaire et structurale\u00a0\u00bb, soutenu le 6\u00a0d\u00e9c.\u00a02010 \u00e0 Grenoble, bourse Pr\u00e9sidence M.E.N.R.T. Universit\u00e9 Joseph Fourier (UJF)<\/span><\/li>\n<li><span style=\"color: #000000;font-size: 14pt;font-family: times new roman, times, serif\">2007 : <strong>Master 2 Recherche Chimie,<\/strong> Sp\u00e9cialit\u00e9 \u00ab\u00a0Chimie inorganique\u00a0\u00bb, Universit\u00e9 Claude Bernard Lyon 1, obtention d\u2019une Bourse d\u2019Excellence de la R\u00e9gion Rh\u00f4ne-Alpes<\/span><\/li>\n<li><span style=\"color: #000000;font-size: 14pt;font-family: times new roman, times, serif\">2006 : <strong>Master 1 Chimie,<\/strong> Sp\u00e9cialit\u00e9 \u00ab\u00a0Chimie\u00a0\u00bb, UJF \u2013 Grenoble 1<\/span><\/li>\n<li><span style=\"color: #000000;font-size: 14pt;font-family: times new roman, times, serif\">2005 : <strong>Licence Chimie,<\/strong> Sp\u00e9cialit\u00e9 \u00ab\u00a0Chimie\u00a0\u00bb, UJF \u2013 Grenoble 1<\/span><\/li>\n<li><span style=\"color: #000000;font-size: 14pt;font-family: times new roman, times, serif\">2004 : <strong>Dipl\u00f4me d\u2019\u00c9tude Universitaire G\u00e9n\u00e9rale,<\/strong> Sp\u00e9cialit\u00e9 \u00ab Sciences de la mati\u00e8re appliqu\u00e9e\u00a0\u00bb, UJF \u2013Grenoble 1<\/span><\/li>\n<\/ul>\n<p style=\"text-align: justify\"><span style=\"color: #000000;font-size: 14pt;font-family: times new roman, times, serif\"><strong>Teaching Activities \/ Activit\u00e9s d&rsquo;Enseignement (2007-2015) : <\/strong><\/span><\/p>\n<ul style=\"text-align: justify\">\n<li><span style=\"color: #000000;font-size: 14pt;font-family: times new roman, times, serif\"><strong>Moniteur<\/strong>, Universit\u00e9 Joseph Fourier, UFR de chimie de Grenoble (2007-2010)<strong>:<\/strong> 230 heures dont 62\u00a0h\u00a0de TD et 168 h de TP en chimie structure de la mati\u00e8re et en chimie inorganique, \u00e0 Grenoble et Valence, au niveau Licence 1<sup>er<\/sup> ann\u00e9e<\/span><br \/>\n<span style=\"color: #000000;font-size: 14pt;font-family: times new roman, times, serif\">Participation au comit\u00e9 d\u2019\u00e9dition du journal interuniversitaire de Grenoble \u00ab\u00a0<strong>Visions Crois\u00e9es\u00a0<\/strong>\u00bb<strong> (2009)<\/strong><\/span><br \/>\n<span style=\"color: #000000;font-size: 14pt;font-family: times new roman, times, serif\">Participation \u00e0 la f\u00eate de la science \u00e0 Grenoble durant mes ann\u00e9es de doctorat<\/span><\/li>\n<li><span style=\"color: #000000;font-size: 14pt;font-family: times new roman, times, serif\"><strong>Assistant d\u2019enseignement, <\/strong>Universit\u00e9 Gen\u00e8ve, D\u00e9partement de chimie physique (oct.-nov. 2012): 24 heures de TD et 48 heures de TP de chimie physique, au niveau Licence 2<sup>\u00e8me<\/sup> ann\u00e9e. Forte interactivit\u00e9 avec les \u00e9tudiants (par groupe de 24 \u00e9tudiants pour les TD et 4-8 \u00e9tudiants pour les TP)<\/span><\/li>\n<li><span style=\"color: #000000;font-size: 14pt;font-family: times new roman, times, serif\"><strong>Animateur au Chimiscope<\/strong>, Universit\u00e9 de Gen\u00e8ve (2013-2015): visites pour un tr\u00e8s large public, permettant d\u2019aborder et d\u2019illustrer par des exp\u00e9riences et d\u00e9monstrations certains aspects de la chimie, ainsi que de mettre en \u00e9vidence leurs applications dans notre quotidien, sous une forme ludique, conviviale et p\u00e9dagogique (100 h)<\/span><br \/>\n<span style=\"color: #000000;font-size: 14pt;font-family: times new roman, times, serif\"><strong>ATER<\/strong>, INSA-Rennes (2016-2017): 346 h dont 166 h de TD et 180 h de TP sur les modules \u00ab\u00a0Atomes et Liaisons\u00a0\u00bb, \u00ab\u00a0Chimie des solutions\u00a0\u00bb, \u00ab\u00a0Cristallographie\u00a0\u00bb, \u00ab\u00a0Thermochimie\u00a0\u00bb, et \u00ab\u00a0Relations structure-propri\u00e9t\u00e9s des mat\u00e9riaux\u00a0\u00bb, au niveau 1<sup>er<\/sup> et 2<sup>\u00e8me<\/sup> ann\u00e9es Sciences et Techniques Pour l\u2019Ing\u00e9nieur (STPI)<\/span><\/li>\n<li><span style=\"color: #000000;font-size: 14pt;font-family: times new roman, times, serif\"><strong>Membre du comit\u00e9 d\u2019organisation MMS 2016<\/strong> (Mesure, Mod\u00e9lisation et Simulation), INSA Rennes<\/span><\/li>\n<li><span style=\"color: #000000;font-size: 14pt;font-family: times new roman, times, serif\"><strong>Membre du comit\u00e9 d\u2019organisation<\/strong> <strong>des JIREC 2018<\/strong> (Journ\u00e9es de l\u2019Innovation et de la Recherche pour l\u2019Enseignement de la Chimie) \u00e0 Erquy, 20-23 mars 2018, France<\/span><\/li>\n<\/ul>\n<p style=\"text-align: justify\"><span style=\"color: #000000;font-size: 14pt;font-family: times new roman, times, serif\"><strong>Other &#8211; Responsabilities \/ Autres &#8211; Responsabilit\u00e9s :<\/strong><\/span><\/p>\n<ul>\n<li style=\"text-align: justify\"><span style=\"color: #000000;font-size: 14pt;font-family: times new roman, times, serif\">Co-responsable du parc optique de l\u2019INSA-CSM (3 spectrofluorim\u00e8tres, 1 spectrophotom\u00e8tre UV,\u2026)<\/span><\/li>\n<li style=\"text-align: justify\"><span style=\"color: #000000;font-size: 14pt;font-family: times new roman, times, serif\">D\u00e9veloppement du parc instrumental via des demandes de projets aupr\u00e8s de Rennes m\u00e9tropole AES et AIS),&#8230;<\/span><\/li>\n<li style=\"text-align: justify\"><span style=\"color: #000000;font-size: 14pt;font-family: times new roman, times, serif\"><strong>Membre de la SCF<\/strong><\/span><\/li>\n<\/ul>\n","protected":false},"excerpt":{"rendered":"<p>Dr Yan Suffren 41 years Current position \/ Situation actuelle : Assistant Professor \/ Ma\u00eetre de Conf\u00e9rences des Universit\u00e9s (McF-CN) at Institut des Sciences Appliqu\u00e9es Rennes (2017-). Team member of \/ Membre de l&rsquo;\u00e9quipe \u00ab &hellip; <a href=\"https:\/\/iscr-csm.insa-rennes.fr\/yansuffren\/cv\/\" class=\"more-link\">Lire la suite <span class=\"screen-reader-text\">2- Short CV \/ CV court<\/span> <span class=\"meta-nav\">&rarr;<\/span><\/a><\/p>\n","protected":false},"author":13,"featured_media":0,"parent":0,"menu_order":0,"comment_status":"closed","ping_status":"closed","template":"","meta":{"footnotes":""},"class_list":["post-34","page","type-page","status-publish","hentry"],"jetpack_sharing_enabled":true,"_links":{"self":[{"href":"https:\/\/iscr-csm.insa-rennes.fr\/yansuffren\/wp-json\/wp\/v2\/pages\/34","targetHints":{"allow":["GET"]}}],"collection":[{"href":"https:\/\/iscr-csm.insa-rennes.fr\/yansuffren\/wp-json\/wp\/v2\/pages"}],"about":[{"href":"https:\/\/iscr-csm.insa-rennes.fr\/yansuffren\/wp-json\/wp\/v2\/types\/page"}],"author":[{"embeddable":true,"href":"https:\/\/iscr-csm.insa-rennes.fr\/yansuffren\/wp-json\/wp\/v2\/users\/13"}],"replies":[{"embeddable":true,"href":"https:\/\/iscr-csm.insa-rennes.fr\/yansuffren\/wp-json\/wp\/v2\/comments?post=34"}],"version-history":[{"count":36,"href":"https:\/\/iscr-csm.insa-rennes.fr\/yansuffren\/wp-json\/wp\/v2\/pages\/34\/revisions"}],"predecessor-version":[{"id":337,"href":"https:\/\/iscr-csm.insa-rennes.fr\/yansuffren\/wp-json\/wp\/v2\/pages\/34\/revisions\/337"}],"wp:attachment":[{"href":"https:\/\/iscr-csm.insa-rennes.fr\/yansuffren\/wp-json\/wp\/v2\/media?parent=34"}],"curies":[{"name":"wp","href":"https:\/\/api.w.org\/{rel}","templated":true}]}}